{"id":2,"date":"2018-03-14T15:06:48","date_gmt":"2018-03-14T14:06:48","guid":{"rendered":"https:\/\/www.xn--schne-noten-tfb.de\/?page_id=2"},"modified":"2025-03-07T06:03:52","modified_gmt":"2025-03-07T05:03:52","slug":"beispiel-seite","status":"publish","type":"page","link":"https:\/\/www.xn--schne-noten-tfb.de\/en\/","title":{"rendered":"Start"},"content":{"rendered":"<p>[et_pb_section fb_built=&#8220;1&#8243; _builder_version=&#8220;4.16&#8243; background_color=&#8220;rgba(255,255,255,0)&#8220; global_colors_info=&#8220;{}&#8220;][et_pb_row use_custom_gutter=&#8220;on&#8220; gutter_width=&#8220;1&#8243; _builder_version=&#8220;4.19.5&#8243; background_color=&#8220;rgba(255,255,255,0.87)&#8220; background_size=&#8220;initial&#8220; background_position=&#8220;top_left&#8220; background_repeat=&#8220;repeat&#8220; custom_margin=&#8220;||25px||false|false&#8220; custom_padding=&#8220;15px|15px|15px|15px|true|true&#8220; border_radii=&#8220;on|8px|8px|8px|8px&#8220; border_width_all=&#8220;3px&#8220; border_color_all=&#8220;#E09900&#8243; box_shadow_style=&#8220;preset2&#8243; global_colors_info=&#8220;{}&#8220;][et_pb_column type=&#8220;4_4&#8243; _builder_version=&#8220;4.16&#8243; custom_padding=&#8220;|||&#8220; global_colors_info=&#8220;{}&#8220; custom_padding__hover=&#8220;|||&#8220;][et_pb_text _builder_version=&#8220;4.19.5&#8243; custom_padding=&#8220;|25pt||25pt|false|true&#8220; global_colors_info=&#8220;{}&#8220;]<\/p>\n<h1 style=\"text-align: center;\">\u00a0Sch\u00f6ne Noten<\/h1>\n<p>My name is Jan-Peter Voigt and I offer beautifully typeset sheet music for musicians and composers as well as publishers. I work mainly with the music notation program Lilypond and have produced performance materials and artwork for choirs, orchestras and soloists in recent years. A special focus is on working with vocal sheet music. <a href=\"https:\/\/lilypond.org\/\">Lilypond<\/a> und habe in den letzten Jahren Auff\u00fchrungsmaterialien und Druckvorlagen f\u00fcr Ch\u00f6re, Orchester und Solisten produziert. Ein besonderer Schwerpunkt liegt auf der Arbeit mit Vokalnoten.<\/p>\n<p>[\/et_pb_text][\/et_pb_column][\/et_pb_row][et_pb_row column_structure=&#8220;1_5,3_5,1_5&#8243; use_custom_gutter=&#8220;on&#8220; gutter_width=&#8220;1&#8243; _builder_version=&#8220;4.19.5&#8243; background_color=&#8220;rgba(255,255,255,0.87)&#8220; background_size=&#8220;initial&#8220; background_position=&#8220;top_left&#8220; background_repeat=&#8220;repeat&#8220; custom_margin=&#8220;||25px||false|false&#8220; custom_padding=&#8220;15px|15px|15px|15px|true|true&#8220; border_radii=&#8220;on|8px|8px|8px|8px&#8220; border_width_all=&#8220;3px&#8220; border_color_all=&#8220;#E09900&#8243; box_shadow_style=&#8220;preset2&#8243; global_colors_info=&#8220;{}&#8220;][et_pb_column type=&#8220;1_5&#8243; _builder_version=&#8220;4.16&#8243; custom_padding=&#8220;|||&#8220; global_colors_info=&#8220;{}&#8220; custom_padding__hover=&#8220;|||&#8220;][et_pb_image src=&#8220;https:\/\/www.xn--schne-noten-tfb.de\/wp-content\/uploads\/2024\/10\/astrid-schmidt.jpg&#8220; title_text=&#8220;astrid-schmidt&#8220; _builder_version=&#8220;4.27.2&#8243; _module_preset=&#8220;default&#8220; custom_margin=&#8220;|15px||15px|false|true&#8220; animation_style=&#8220;fade&#8220; border_radii=&#8220;on|10px|10px|10px|10px&#8220; box_shadow_style=&#8220;preset2&#8243; global_colors_info=&#8220;{}&#8220;][\/et_pb_image][\/et_pb_column][et_pb_column type=&#8220;3_5&#8243; _builder_version=&#8220;4.16&#8243; custom_padding=&#8220;|||&#8220; global_colors_info=&#8220;{}&#8220; custom_padding__hover=&#8220;|||&#8220;][et_pb_text _builder_version=&#8220;4.27.4&#8243; custom_padding=&#8220;|25pt||25pt|false|true&#8220; hover_enabled=&#8220;0&#8243; global_colors_info=&#8220;{}&#8220; sticky_enabled=&#8220;0&#8243;]<\/p>\n<h2>\ud83c\udfb5 Musik von Astrid Schmidt<\/h2>\n<p>Seit einigen Jahren arbeite ich mit der Komponistin <a href=\"https:\/\/astrid-schmidt.de\/de\/composition-concerts\/\" target=\"_blank\" rel=\"noopener\">Astrid Schmidt<\/a> zusammen. Aus ihrer Feder stammen Werke f\u00fcr Chor, Ensemble, Solo-Gesang und Klavier. Darunter sind Vertonungen von Erich Fried, Rainer Maria Rilke, Heinrich Heine und einige Psalmen.[\/et_pb_text][\/et_pb_column][et_pb_column type=&#8220;1_5&#8243; _builder_version=&#8220;4.16&#8243; custom_padding=&#8220;|||&#8220; global_colors_info=&#8220;{}&#8220; custom_padding__hover=&#8220;|||&#8220;][et_pb_image src=&#8220;https:\/\/www.xn--schne-noten-tfb.de\/wp-content\/uploads\/2023\/02\/AS_Titelblatt_A4.png&#8220; title_text=&#8220;AS_Titelblatt_A4&#8243; _builder_version=&#8220;4.19.5&#8243; _module_preset=&#8220;default&#8220; custom_margin=&#8220;|15px||15px|false|true&#8220; animation_style=&#8220;fade&#8220; border_radii=&#8220;on|10px|10px|10px|10px&#8220; box_shadow_style=&#8220;preset2&#8243; global_colors_info=&#8220;{}&#8220;][\/et_pb_image][\/et_pb_column][\/et_pb_row][et_pb_row column_structure=&#8220;1_5,3_5,1_5&#8243; use_custom_gutter=&#8220;on&#8220; gutter_width=&#8220;1&#8243; _builder_version=&#8220;4.19.5&#8243; background_color=&#8220;rgba(255,255,255,0.87)&#8220; background_size=&#8220;initial&#8220; background_position=&#8220;top_left&#8220; background_repeat=&#8220;repeat&#8220; custom_margin=&#8220;||25px||false|false&#8220; custom_padding=&#8220;15px|15px|15px|15px|true|true&#8220; border_radii=&#8220;on|8px|8px|8px|8px&#8220; border_width_all=&#8220;3px&#8220; border_color_all=&#8220;#E09900&#8243; box_shadow_style=&#8220;preset2&#8243; global_colors_info=&#8220;{}&#8220;][et_pb_column type=&#8220;1_5&#8243; _builder_version=&#8220;4.16&#8243; custom_padding=&#8220;|||&#8220; global_colors_info=&#8220;{}&#8220; custom_padding__hover=&#8220;|||&#8220;][et_pb_image src=&#8220;https:\/\/www.xn--schne-noten-tfb.de\/wp-content\/uploads\/2022\/07\/Logo-Best-Edition.png&#8220; title_text=&#8220;Logo-Best-Edition&#8220; module_class=&#8220;border-image&#8220; _builder_version=&#8220;4.19.5&#8243; _module_preset=&#8220;default&#8220; global_colors_info=&#8220;{}&#8220;][\/et_pb_image][\/et_pb_column][et_pb_column type=&#8220;3_5&#8243; _builder_version=&#8220;4.16&#8243; custom_padding=&#8220;|||&#8220; global_colors_info=&#8220;{}&#8220; custom_padding__hover=&#8220;|||&#8220;][et_pb_text _builder_version=&#8220;4.21.0&#8243; _dynamic_attributes=&#8220;link_option_url&#8220; custom_padding=&#8220;|25pt||25pt|false|true&#8220; link_option_url=&#8220;@ET-DC@eyJkeW5hbWljIjp0cnVlLCJjb250ZW50IjoicG9zdF9saW5rX3VybF9wYWdlIiwic2V0dGluZ3MiOnsicG9zdF9pZCI6IjI1OSJ9fQ==@&#8220; global_colors_info=&#8220;{}&#8220;]<\/p>\n<h2>Best Edition Preis 2020<\/h2>\n<p>Im Jahre 2020 wurde mein Notensatz von \u201eIhr sollt die Wahrheit erben\u201c f\u00fcr sprechende Cellistin (Hermann Keller, nach dem gleichnamigen Buch von Anita Lasker-Wallfisch, <a href=\"https:\/\/www.editionjulianeklein.de\/composers.php?composer_id=100005&amp;section=works\" target=\"_blank\" rel=\"noopener\">Edition Juliane Klein, Berlin<\/a>) mit dem <a href=\"https:\/\/best-edition.de\/preistraeger-2020\/articles\/1180.html\">\u201eBest Edition\u201c Preis<\/a> des Deutschen Musikverleger-Verbandes ausgezeichnet.[\/et_pb_text][\/et_pb_column][et_pb_column type=&#8220;1_5&#8243; _builder_version=&#8220;4.16&#8243; custom_padding=&#8220;|||&#8220; global_colors_info=&#8220;{}&#8220; custom_padding__hover=&#8220;|||&#8220;][et_pb_image src=&#8220;https:\/\/www.xn--schne-noten-tfb.de\/wp-content\/uploads\/2023\/02\/Hermann_Keller_Wahrheit.jpg&#8220; title_text=&#8220;Hermann_Keller_Wahrheit&#8220; _builder_version=&#8220;4.19.5&#8243; _module_preset=&#8220;default&#8220; custom_margin=&#8220;|15px||15px|false|true&#8220; animation_style=&#8220;fade&#8220; border_radii=&#8220;on|10px|10px|10px|10px&#8220; box_shadow_style=&#8220;preset2&#8243; global_colors_info=&#8220;{}&#8220;][\/et_pb_image][\/et_pb_column][\/et_pb_row][et_pb_row column_structure=&#8220;1_5,3_5,1_5&#8243; use_custom_gutter=&#8220;on&#8220; gutter_width=&#8220;1&#8243; _builder_version=&#8220;4.19.5&#8243; background_color=&#8220;rgba(255,255,255,0.87)&#8220; background_size=&#8220;initial&#8220; background_position=&#8220;top_left&#8220; background_repeat=&#8220;repeat&#8220; custom_margin=&#8220;||25px||false|false&#8220; custom_padding=&#8220;15px|15px|15px|15px|true|true&#8220; border_radii=&#8220;on|8px|8px|8px|8px&#8220; border_width_all=&#8220;3px&#8220; border_color_all=&#8220;#E09900&#8243; box_shadow_style=&#8220;preset2&#8243; global_colors_info=&#8220;{}&#8220;][et_pb_column type=&#8220;1_5&#8243; _builder_version=&#8220;4.16&#8243; custom_padding=&#8220;|||&#8220; global_colors_info=&#8220;{}&#8220; custom_padding__hover=&#8220;|||&#8220;][et_pb_image src=&#8220;https:\/\/www.xn--schne-noten-tfb.de\/wp-content\/uploads\/2023\/02\/om212_2.png&#8220; title_text=&#8220;om212_2&#8243; module_class=&#8220;border-image&#8220; _builder_version=&#8220;4.19.5&#8243; _module_preset=&#8220;default&#8220; global_colors_info=&#8220;{}&#8220;][\/et_pb_image][\/et_pb_column][et_pb_column type=&#8220;3_5&#8243; _builder_version=&#8220;4.16&#8243; custom_padding=&#8220;|||&#8220; global_colors_info=&#8220;{}&#8220; custom_padding__hover=&#8220;|||&#8220;][et_pb_text _builder_version=&#8220;4.20.0&#8243; custom_padding=&#8220;|25pt||25pt|false|true&#8220; global_colors_info=&#8220;{}&#8220;]<\/p>\n<h2>Johann Sebastian Bachs Markus-Passion<\/h2>\n<p>In 2016, Ortus-Verlag (Berlin) published the reconstruction of the <a href=\"http:\/\/ortus.de\/de\/musik-elbe-oder\/om212\">Markus-Passion von Johann Sebastian Bach<\/a>. Den Notensatz f\u00fcr diese Ver\u00f6ffentlichung habe ich mit Lilypond angefertigt. Andreas Fischer hat diese Rekonstruktion Karfreitag 2015 erstmals aus den von mir produzierten Auff\u00fchrungsmaterialien dem Publikum pr\u00e4sentiert.<\/p>\n<p>[\/et_pb_text][\/et_pb_column][et_pb_column type=&#8220;1_5&#8243; _builder_version=&#8220;4.16&#8243; custom_padding=&#8220;|||&#8220; global_colors_info=&#8220;{}&#8220; custom_padding__hover=&#8220;|||&#8220;][et_pb_image src=&#8220;https:\/\/www.xn--schne-noten-tfb.de\/wp-content\/uploads\/2023\/01\/om212_cover.png&#8220; title_text=&#8220;om212_cover&#8220; _builder_version=&#8220;4.19.5&#8243; _module_preset=&#8220;default&#8220; width=&#8220;100%&#8220; max_width=&#8220;100%&#8220; custom_margin=&#8220;|15px||15px|false|true&#8220; animation_style=&#8220;fade&#8220; border_radii=&#8220;on|10px|10px|10px|10px&#8220; box_shadow_style=&#8220;preset2&#8243; global_colors_info=&#8220;{}&#8220;][\/et_pb_image][\/et_pb_column][\/et_pb_row][et_pb_row column_structure=&#8220;1_5,3_5,1_5&#8243; use_custom_gutter=&#8220;on&#8220; gutter_width=&#8220;1&#8243; _builder_version=&#8220;4.19.5&#8243; background_color=&#8220;rgba(255,255,255,0.87)&#8220; background_size=&#8220;initial&#8220; background_position=&#8220;top_left&#8220; background_repeat=&#8220;repeat&#8220; custom_margin=&#8220;||25px||false|false&#8220; custom_padding=&#8220;15px|15px|15px|15px|true|true&#8220; border_radii=&#8220;on|8px|8px|8px|8px&#8220; border_width_all=&#8220;3px&#8220; border_color_all=&#8220;#E09900&#8243; box_shadow_style=&#8220;preset2&#8243; global_colors_info=&#8220;{}&#8220;][et_pb_column type=&#8220;1_5&#8243; _builder_version=&#8220;4.16&#8243; custom_padding=&#8220;|||&#8220; global_colors_info=&#8220;{}&#8220; custom_padding__hover=&#8220;|||&#8220;][et_pb_image src=&#8220;https:\/\/www.xn--schne-noten-tfb.de\/wp-content\/uploads\/2023\/02\/katharinen.png&#8220; title_text=&#8220;katharinen&#8220; align=&#8220;center&#8220; _builder_version=&#8220;4.19.5&#8243; _module_preset=&#8220;default&#8220; max_height=&#8220;200px&#8220; global_colors_info=&#8220;{}&#8220;][\/et_pb_image][\/et_pb_column][et_pb_column type=&#8220;3_5&#8243; _builder_version=&#8220;4.16&#8243; custom_padding=&#8220;|||&#8220; global_colors_info=&#8220;{}&#8220; custom_padding__hover=&#8220;|||&#8220;][et_pb_text _builder_version=&#8220;4.20.0&#8243; _dynamic_attributes=&#8220;link_option_url&#8220; custom_margin=&#8220;10px||||false|false&#8220; custom_padding=&#8220;|25pt||25pt|false|true&#8220; link_option_url=&#8220;@ET-DC@eyJkeW5hbWljIjp0cnVlLCJjb250ZW50IjoicG9zdF9saW5rX3VybF9wYWdlIiwic2V0dGluZ3MiOnsicG9zdF9pZCI6IjI3MyJ9fQ==@&#8220; global_colors_info=&#8220;{}&#8220;]<\/p>\n<p><img loading=\"lazy\" decoding=\"async\" src=\"https:\/\/www.xn--schne-noten-tfb.de\/wp-content\/uploads\/2018\/05\/logo-verlag-300x92.png\" alt=\"\" class=\"wp-image-110 alignleft size-medium\" width=\"170\" height=\"52\" srcset=\"https:\/\/www.xn--schne-noten-tfb.de\/wp-content\/uploads\/2018\/05\/logo-verlag-300x92.png 300w, https:\/\/www.xn--schne-noten-tfb.de\/wp-content\/uploads\/2018\/05\/logo-verlag-768x235.png 768w, https:\/\/www.xn--schne-noten-tfb.de\/wp-content\/uploads\/2018\/05\/logo-verlag.png 800w\" sizes=\"(max-width: 170px) 100vw, 170px\" \/>Unter meinem eigenen Verlagsnamen habe ich einige Werke ver\u00f6ffentlicht. Darunter \u201eGeistliche Chormusik \u2022 Singet dem Herrn Canticum Novum\u201c, eine Sammlung von Werken <a href=\"https:\/\/de.wikipedia.org\/wiki\/Thomas_Dittmann\" target=\"_blank\" rel=\"noopener\">Thomas Dittmanns<\/a>.<\/p>\n<p>[\/et_pb_text][\/et_pb_column][et_pb_column type=&#8220;1_5&#8243; _builder_version=&#8220;4.16&#8243; custom_padding=&#8220;|||&#8220; global_colors_info=&#8220;{}&#8220; custom_padding__hover=&#8220;|||&#8220;][et_pb_image src=&#8220;https:\/\/www.xn--schne-noten-tfb.de\/wp-content\/uploads\/2023\/02\/thomas_dittmann.png&#8220; title_text=&#8220;thomas_dittmann&#8220; _builder_version=&#8220;4.19.5&#8243; _module_preset=&#8220;default&#8220; custom_margin=&#8220;|15px||15px|false|true&#8220; animation_style=&#8220;fade&#8220; border_radii=&#8220;on|10px|10px|10px|10px&#8220; box_shadow_style=&#8220;preset2&#8243; global_colors_info=&#8220;{}&#8220;][\/et_pb_image][\/et_pb_column][\/et_pb_row][\/et_pb_section]<\/p>","protected":false},"excerpt":{"rendered":"<p>\u00a0Sch\u00f6ne Noten Mein Name ist Jan-Peter Voigt und ich biete sch\u00f6n gesetzte Noten f\u00fcr Musiker und Komponisten sowie Verlage an. Ich arbeite haupts\u00e4chlich mit dem Notensatzprogramm Lilypond und habe in den letzten Jahren Auff\u00fchrungsmaterialien und Druckvorlagen f\u00fcr Ch\u00f6re, Orchester und Solisten produziert. Ein besonderer Schwerpunkt liegt auf der Arbeit mit Vokalnoten.\ud83c\udfb5 Musik von Astrid Schmidt [&hellip;]<\/p>","protected":false},"author":1,"featured_media":0,"parent":0,"menu_order":0,"comment_status":"closed","ping_status":"open","template":"","meta":{"_et_pb_use_builder":"on","_et_pb_old_content":"<p>Dies ist eine Beispiel-Seite. Sie unterscheidet sich von Beitr\u00e4gen, da sie stets an der selben Stelle bleibt und (bei den meisten Themes) in der Navigation angezeigt wird. Die meisten Leute starten mit einem Impressum oder einer \u201e\u00dcber uns\u201c-Seite mit einer Vorstellung f\u00fcr m\u00f6gliche Besucher der Website. Dort k\u00f6nnte zum Beispiel stehen:<\/p><blockquote><p>Hallo! Tags\u00fcber arbeite ich als Fahrradkurier, nachts bin ich ein aufstrebender Schauspieler und dies hier ist meine Website. Ich lebe in Berlin, habe einen gro\u00dfen Hund namens Jack, mag Pi\u00f1a Coladas, jedoch weniger (ohne Schirm) im Regen stehen gelassen zu werden.<\/p><\/blockquote><p>...oder sowas wie:<\/p><blockquote><p>Unsere Firma XYZ wurde 1971 gegr\u00fcndet und hat seither eine Menge hochqualitativen ABC f\u00fcr die \u00d6ffentlichkeit produziert. Ans\u00e4ssig in Gotham City, hat XYZ mittlerweile \u00fcber 2,000 Mitarbeiter und entwickelt immer wieder gro\u00dfartige Dinge f\u00fcr die ganze Gotham Gemeinschaft.<\/p><\/blockquote><p>Als neuer WordPress-Nutzer solltest du das <a href=\"https:\/\/www.xn--schne-noten-tfb.de\/wp-admin\/\">Dashboard<\/a> aufrufen, um diese Seite zu l\u00f6schen und statt dessen eine neue Seite mit deinen eigenen Inhalten erstellen. Viel Spa\u00df!<\/p>","_et_gb_content_width":"","footnotes":""},"class_list":["post-2","page","type-page","status-publish","hentry"],"_links":{"self":[{"href":"https:\/\/www.xn--schne-noten-tfb.de\/en\/wp-json\/wp\/v2\/pages\/2","targetHints":{"allow":["GET"]}}],"collection":[{"href":"https:\/\/www.xn--schne-noten-tfb.de\/en\/wp-json\/wp\/v2\/pages"}],"about":[{"href":"https:\/\/www.xn--schne-noten-tfb.de\/en\/wp-json\/wp\/v2\/types\/page"}],"author":[{"embeddable":true,"href":"https:\/\/www.xn--schne-noten-tfb.de\/en\/wp-json\/wp\/v2\/users\/1"}],"replies":[{"embeddable":true,"href":"https:\/\/www.xn--schne-noten-tfb.de\/en\/wp-json\/wp\/v2\/comments?post=2"}],"version-history":[{"count":51,"href":"https:\/\/www.xn--schne-noten-tfb.de\/en\/wp-json\/wp\/v2\/pages\/2\/revisions"}],"predecessor-version":[{"id":318,"href":"https:\/\/www.xn--schne-noten-tfb.de\/en\/wp-json\/wp\/v2\/pages\/2\/revisions\/318"}],"wp:attachment":[{"href":"https:\/\/www.xn--schne-noten-tfb.de\/en\/wp-json\/wp\/v2\/media?parent=2"}],"curies":[{"name":"wp","href":"https:\/\/api.w.org\/{rel}","templated":true}]}}